{"id":9934,"date":"2025-11-04T07:23:30","date_gmt":"2025-11-04T06:23:30","guid":{"rendered":"https:\/\/jasnatuta.com\/messico-2026\/"},"modified":"2026-03-02T15:21:02","modified_gmt":"2026-03-02T14:21:02","slug":"messico-viaggio","status":"publish","type":"page","link":"https:\/\/jasnatuta.com\/it\/messico-viaggio\/","title":{"rendered":"Messico 2026"},"content":{"rendered":"\t\t<div data-elementor-type=\"wp-page\" data-elementor-id=\"9934\" class=\"elementor elementor-9934 elementor-9815\" data-elementor-post-type=\"page\">\n\t\t\t\t<div class=\"elementor-element elementor-element-27ff8504 e-flex e-con-boxed e-con e-parent\" data-id=\"27ff8504\" data-element_type=\"container\" data-e-type=\"container\">\n\t\t\t\t\t<div class=\"e-con-inner\">\n\t\t\t\t<div class=\"elementor-element elementor-element-a46fcee elementor-widget elementor-widget-text-editor\" data-id=\"a46fcee\" data-element_type=\"widget\" data-e-type=\"widget\" data-widget_type=\"text-editor.default\">\n\t\t\t\t<div class=\"elementor-widget-container\">\n\t\t\t\t\t\t\t\t\t<p><strong>Quest&#8217;anno aggiungo una nuova destinazione alla mia offerta: il Messico!<\/strong><\/p>\n<p><\/p>\n<p>Ho deciso di portarvi a scoprire il bellissimo e selvaggio Mare di Cortez, dove ho navigato per diversi anni e che porto nel cuore. <\/p>\n<p><\/p>\n<p>PERCHE\u2019 CI ANDIAMO: Perch\u00e9 \u00e8 uno di quegli angoli nascosti del mondo che ti affascina con la sua natura, la sua solitudine e il calore della sua gente. Dove il deserto incontra l\u2019oceano. Ci andiamo perch\u00e9, anche in inverno, il sole messicano scalda bene. Una meta ideale quindi per aggiungere una parentesi di sole e mare al nostro prossimo inverno .   Ho progettato questo viaggio con il desiderio di mostrarvi qualcosa di diverso, qualcosa che non si trova nei cataloghi turistici, ma che per me \u00e8 una delle pi\u00f9 belle destinazioni che io abbia mai visitato.<\/p>\t\t\t\t\t\t\t\t<\/div>\n\t\t\t\t<\/div>\n\t\t\t\t<div class=\"elementor-element elementor-element-8aa961e elementor-widget elementor-widget-text-editor\" data-id=\"8aa961e\" data-element_type=\"widget\" data-e-type=\"widget\" data-widget_type=\"text-editor.default\">\n\t\t\t\t<div class=\"elementor-widget-container\">\n\t\t\t\t\t\t\t\t\t<p>Il Mare di Cortez ha molte baie bellissime e una fauna meravigliosa. Passremo le giornate a navigare, nuotare, fare snorkeling e camminare, insomma ci godremo la natura in tutti i modi possibili. Sulle isole non aspettatevi bar sulla spiaggia o vita notturna, perch\u00e9 qui non esiste.   <strong>Questa destinazione \u00e8 un paradiso per gli amanti della pace e della natura.<\/strong><\/p>\t\t\t\t\t\t\t\t<\/div>\n\t\t\t\t<\/div>\n\t\t<div class=\"elementor-element elementor-element-0a4201b e-flex e-con-boxed e-con e-child\" data-id=\"0a4201b\" data-element_type=\"container\" data-e-type=\"container\" data-settings=\"{&quot;background_background&quot;:&quot;classic&quot;}\">\n\t\t\t\t\t<div class=\"e-con-inner\">\n\t\t\t\t<div class=\"elementor-element elementor-element-8dca35f elementor-position-left elementor-vertical-align-top elementor-widget elementor-widget-image-box\" data-id=\"8dca35f\" data-element_type=\"widget\" data-e-type=\"widget\" data-widget_type=\"image-box.default\">\n\t\t\t\t<div class=\"elementor-widget-container\">\n\t\t\t\t\t<div class=\"elementor-image-box-wrapper\"><figure class=\"elementor-image-box-img\"><img fetchpriority=\"high\" decoding=\"async\" width=\"700\" height=\"933\" src=\"https:\/\/jasnatuta.com\/wp-content\/uploads\/2025\/11\/zmanj-6.jpg\" class=\"attachment-full size-full wp-image-9879\" alt=\"\" srcset=\"https:\/\/jasnatuta.com\/wp-content\/uploads\/2025\/11\/zmanj-6.jpg 700w, https:\/\/jasnatuta.com\/wp-content\/uploads\/2025\/11\/zmanj-6-225x300.jpg 225w, https:\/\/jasnatuta.com\/wp-content\/uploads\/2025\/11\/zmanj-6-200x267.jpg 200w, https:\/\/jasnatuta.com\/wp-content\/uploads\/2025\/11\/zmanj-6-300x400.jpg 300w\" sizes=\"(max-width: 700px) 100vw, 700px\" \/><\/figure><div class=\"elementor-image-box-content\"><h3 class=\"elementor-image-box-title\">Il Mare di Cortez<\/h3><p class=\"elementor-image-box-description\">Il Mare di Cortez (o Golfo di California) \u00e8 un'area di navigazione relativamente semplice: le distanze tra le baie sono relativamente ridotte e il mare \u00e8 calmo (non c\u2019\u00e8 l\u2019onda oceanica).\n\n\nQuesta parte del mondo \u00e8 nota per la sua grande biodiversit\u00e0 : puoi vedere delfini, balene di ogni tipo, leoni marini, mante, razze, squali balena e molto altro ancora. Ci sono molti uccelli e poche barche a vela. Questa baia \u00e8 lontana dalle rotte principali, quindi non ci sono problemi di baie affollate come quelle dei Caraibi o della Croazia.   \n\nIl paesaggio \u00e8 desertico, con cactus e formazioni rocciose rosse che si stagliano meravigliosamente sulle acque turchesi delle baie.<\/p><\/div><\/div>\t\t\t\t<\/div>\n\t\t\t\t<\/div>\n\t\t\t\t\t<\/div>\n\t\t\t\t<\/div>\n\t\t\t\t<div class=\"elementor-element elementor-element-fcbd0f1 elementor-widget elementor-widget-heading\" data-id=\"fcbd0f1\" data-element_type=\"widget\" data-e-type=\"widget\" data-widget_type=\"heading.default\">\n\t\t\t\t<div class=\"elementor-widget-container\">\n\t\t\t\t\t<h3 class=\"elementor-heading-title elementor-size-default\">Programma<\/h3>\t\t\t\t<\/div>\n\t\t\t\t<\/div>\n\t\t\t\t<div class=\"elementor-element elementor-element-732f69a elementor-position-right elementor-vertical-align-top elementor-widget elementor-widget-image-box\" data-id=\"732f69a\" data-element_type=\"widget\" data-e-type=\"widget\" data-widget_type=\"image-box.default\">\n\t\t\t\t<div class=\"elementor-widget-container\">\n\t\t\t\t\t<div class=\"elementor-image-box-wrapper\"><figure class=\"elementor-image-box-img\"><img decoding=\"async\" width=\"1000\" height=\"750\" src=\"https:\/\/jasnatuta.com\/wp-content\/uploads\/2025\/11\/LaPaz2-010.jpg\" class=\"attachment-full size-full wp-image-9841\" alt=\"\" srcset=\"https:\/\/jasnatuta.com\/wp-content\/uploads\/2025\/11\/LaPaz2-010.jpg 1000w, https:\/\/jasnatuta.com\/wp-content\/uploads\/2025\/11\/LaPaz2-010-300x225.jpg 300w, https:\/\/jasnatuta.com\/wp-content\/uploads\/2025\/11\/LaPaz2-010-768x576.jpg 768w, https:\/\/jasnatuta.com\/wp-content\/uploads\/2025\/11\/LaPaz2-010-200x150.jpg 200w\" sizes=\"(max-width: 1000px) 100vw, 1000px\" \/><\/figure><div class=\"elementor-image-box-content\"><h2 class=\"elementor-image-box-title\">La Paz<\/h2><p class=\"elementor-image-box-description\">Ci incontreremo al marina di La Paz, ma vi consiglio di arrivare almeno un giorno prima per visitare questa piacevole citt\u00e0 messicana. \nSe preferite, potete anche scegliere di fare qualche attivit\u00e0 il primo giorno, come le immersioni con i leoni marini o semplicemente girare per le strade del Messico e godervi l'atmosfera locale. A La Paz vale la pena visitare il Museo delle balene, la piazza principale e il lungomare Malecon.  <\/p><\/div><\/div>\t\t\t\t<\/div>\n\t\t\t\t<\/div>\n\t\t\t\t<div class=\"elementor-element elementor-element-a348515 elementor-position-right elementor-vertical-align-top elementor-widget elementor-widget-image-box\" data-id=\"a348515\" data-element_type=\"widget\" data-e-type=\"widget\" data-widget_type=\"image-box.default\">\n\t\t\t\t<div class=\"elementor-widget-container\">\n\t\t\t\t\t<div class=\"elementor-image-box-wrapper\"><figure class=\"elementor-image-box-img\"><img decoding=\"async\" width=\"1000\" height=\"703\" src=\"https:\/\/jasnatuta.com\/wp-content\/uploads\/2025\/11\/dive_los_islotes-058.jpg\" class=\"attachment-full size-full wp-image-9838\" alt=\"\" srcset=\"https:\/\/jasnatuta.com\/wp-content\/uploads\/2025\/11\/dive_los_islotes-058.jpg 1000w, https:\/\/jasnatuta.com\/wp-content\/uploads\/2025\/11\/dive_los_islotes-058-300x211.jpg 300w, https:\/\/jasnatuta.com\/wp-content\/uploads\/2025\/11\/dive_los_islotes-058-768x540.jpg 768w, https:\/\/jasnatuta.com\/wp-content\/uploads\/2025\/11\/dive_los_islotes-058-200x141.jpg 200w\" sizes=\"(max-width: 1000px) 100vw, 1000px\" \/><\/figure><div class=\"elementor-image-box-content\"><h2 class=\"elementor-image-box-title\">Leoni marini<\/h2><p class=\"elementor-image-box-description\">Il secondo giorno salperemo dal porto turistico di La Paz per raggiungere il primo ancoraggio.\n\nDurante il tragitto passeremo davanti all'isolotto di Roca Lobos, che ospita una colonia di leoni marini, dove i pi\u00f9 coraggiosi potranno tuffarsi in acqua con loro.<\/p><\/div><\/div>\t\t\t\t<\/div>\n\t\t\t\t<\/div>\n\t\t\t\t<div class=\"elementor-element elementor-element-bb6fe67 elementor-position-right elementor-vertical-align-top elementor-widget elementor-widget-image-box\" data-id=\"bb6fe67\" data-element_type=\"widget\" data-e-type=\"widget\" data-widget_type=\"image-box.default\">\n\t\t\t\t<div class=\"elementor-widget-container\">\n\t\t\t\t\t<div class=\"elementor-image-box-wrapper\"><figure class=\"elementor-image-box-img\"><img loading=\"lazy\" decoding=\"async\" width=\"363\" height=\"242\" src=\"https:\/\/jasnatuta.com\/wp-content\/uploads\/2025\/11\/Immagine1.jpg\" class=\"attachment-full size-full wp-image-9829\" alt=\"\" srcset=\"https:\/\/jasnatuta.com\/wp-content\/uploads\/2025\/11\/Immagine1.jpg 363w, https:\/\/jasnatuta.com\/wp-content\/uploads\/2025\/11\/Immagine1-300x200.jpg 300w, https:\/\/jasnatuta.com\/wp-content\/uploads\/2025\/11\/Immagine1-200x133.jpg 200w\" sizes=\"(max-width: 363px) 100vw, 363px\" \/><\/figure><div class=\"elementor-image-box-content\"><h2 class=\"elementor-image-box-title\">Balandra<\/h2><p class=\"elementor-image-box-description\">La tappa successiva sar\u00e0 la pittoresca Baia Balandra, per un tuffo in mare e le prime foto da sogno della laguna turchese e del famoso \"fungo\" El Hongo, la scultura in pietra simbolo della baia.<\/p><\/div><\/div>\t\t\t\t<\/div>\n\t\t\t\t<\/div>\n\t\t\t\t<div class=\"elementor-element elementor-element-386034c elementor-position-right elementor-vertical-align-top elementor-widget elementor-widget-image-box\" data-id=\"386034c\" data-element_type=\"widget\" data-e-type=\"widget\" data-widget_type=\"image-box.default\">\n\t\t\t\t<div class=\"elementor-widget-container\">\n\t\t\t\t\t<div class=\"elementor-image-box-wrapper\"><figure class=\"elementor-image-box-img\"><img loading=\"lazy\" decoding=\"async\" width=\"1040\" height=\"1234\" src=\"https:\/\/jasnatuta.com\/wp-content\/uploads\/2025\/11\/Screenshot-2025-11-04-075545.png\" class=\"attachment-full size-full wp-image-9849\" alt=\"\" srcset=\"https:\/\/jasnatuta.com\/wp-content\/uploads\/2025\/11\/Screenshot-2025-11-04-075545.png 1040w, https:\/\/jasnatuta.com\/wp-content\/uploads\/2025\/11\/Screenshot-2025-11-04-075545-253x300.png 253w, https:\/\/jasnatuta.com\/wp-content\/uploads\/2025\/11\/Screenshot-2025-11-04-075545-863x1024.png 863w, https:\/\/jasnatuta.com\/wp-content\/uploads\/2025\/11\/Screenshot-2025-11-04-075545-768x911.png 768w, https:\/\/jasnatuta.com\/wp-content\/uploads\/2025\/11\/Screenshot-2025-11-04-075545-200x237.png 200w, https:\/\/jasnatuta.com\/wp-content\/uploads\/2025\/11\/Screenshot-2025-11-04-075545-300x356.png 300w\" sizes=\"(max-width: 1040px) 100vw, 1040px\" \/><\/figure><div class=\"elementor-image-box-content\"><h2 class=\"elementor-image-box-title\">Isla Espiritu Santo<\/h2><p class=\"elementor-image-box-description\">Da l\u00ec navigheremo verso nord fino a Isla Espiritu Santo, che per via della sua bellezza \u00e8 diventata un parco marino protetto.\n\nQuest'isola \u00e8 costellata da molte baie meravigliose in cui potresti trascorrere giorni interi, ognuna con il suo colore, il suo silenzio e la sua storia. Avremo la possibilit\u00e0 di fare snorkeling tra i pesci dai colori vivaci, di camminare tra i cactus e di pagaiare sotto le imponenti rocce arancioni. <\/p><\/div><\/div>\t\t\t\t<\/div>\n\t\t\t\t<\/div>\n\t\t\t\t<div class=\"elementor-element elementor-element-c4ac6a3 elementor-position-right elementor-vertical-align-top elementor-widget elementor-widget-image-box\" data-id=\"c4ac6a3\" data-element_type=\"widget\" data-e-type=\"widget\" data-widget_type=\"image-box.default\">\n\t\t\t\t<div class=\"elementor-widget-container\">\n\t\t\t\t\t<div class=\"elementor-image-box-wrapper\"><figure class=\"elementor-image-box-img\"><img loading=\"lazy\" decoding=\"async\" width=\"2440\" height=\"1830\" src=\"https:\/\/jasnatuta.com\/wp-content\/uploads\/2025\/12\/PXL_20251128_183931096.jpg\" class=\"attachment-full size-full wp-image-9957\" alt=\"\" srcset=\"https:\/\/jasnatuta.com\/wp-content\/uploads\/2025\/12\/PXL_20251128_183931096.jpg 2440w, https:\/\/jasnatuta.com\/wp-content\/uploads\/2025\/12\/PXL_20251128_183931096-300x225.jpg 300w, https:\/\/jasnatuta.com\/wp-content\/uploads\/2025\/12\/PXL_20251128_183931096-1024x768.jpg 1024w, https:\/\/jasnatuta.com\/wp-content\/uploads\/2025\/12\/PXL_20251128_183931096-768x576.jpg 768w, https:\/\/jasnatuta.com\/wp-content\/uploads\/2025\/12\/PXL_20251128_183931096-1536x1152.jpg 1536w, https:\/\/jasnatuta.com\/wp-content\/uploads\/2025\/12\/PXL_20251128_183931096-2048x1536.jpg 2048w, https:\/\/jasnatuta.com\/wp-content\/uploads\/2025\/12\/PXL_20251128_183931096-200x150.jpg 200w\" sizes=\"(max-width: 2440px) 100vw, 2440px\" \/><\/figure><div class=\"elementor-image-box-content\"><h2 class=\"elementor-image-box-title\">Isla San Francisco<\/h2><p class=\"elementor-image-box-description\">Continueremo poi il nostro viaggio verso nord fino all'isola di San Francisco. \nQuel giorno faremo un'escursione fino alla cima per godere di una magnifica vista su entrambe le baie. <\/p><\/div><\/div>\t\t\t\t<\/div>\n\t\t\t\t<\/div>\n\t\t\t\t<div class=\"elementor-element elementor-element-3f17200 elementor-position-right elementor-vertical-align-top elementor-widget elementor-widget-image-box\" data-id=\"3f17200\" data-element_type=\"widget\" data-e-type=\"widget\" data-widget_type=\"image-box.default\">\n\t\t\t\t<div class=\"elementor-widget-container\">\n\t\t\t\t\t<div class=\"elementor-image-box-wrapper\"><figure class=\"elementor-image-box-img\"><img loading=\"lazy\" decoding=\"async\" width=\"2560\" height=\"1815\" src=\"https:\/\/jasnatuta.com\/wp-content\/uploads\/2026\/02\/DJI_0127-scaled.jpg\" class=\"attachment-full size-full wp-image-11428\" alt=\"\" srcset=\"https:\/\/jasnatuta.com\/wp-content\/uploads\/2026\/02\/DJI_0127-scaled.jpg 2560w, https:\/\/jasnatuta.com\/wp-content\/uploads\/2026\/02\/DJI_0127-300x213.jpg 300w, https:\/\/jasnatuta.com\/wp-content\/uploads\/2026\/02\/DJI_0127-1024x726.jpg 1024w, https:\/\/jasnatuta.com\/wp-content\/uploads\/2026\/02\/DJI_0127-768x544.jpg 768w, https:\/\/jasnatuta.com\/wp-content\/uploads\/2026\/02\/DJI_0127-1536x1089.jpg 1536w, https:\/\/jasnatuta.com\/wp-content\/uploads\/2026\/02\/DJI_0127-2048x1452.jpg 2048w, https:\/\/jasnatuta.com\/wp-content\/uploads\/2026\/02\/DJI_0127-200x142.jpg 200w\" sizes=\"(max-width: 2560px) 100vw, 2560px\" \/><\/figure><div class=\"elementor-image-box-content\"><h2 class=\"elementor-image-box-title\">El Pardito<\/h2><p class=\"elementor-image-box-description\">La nostra prossima tappa sar\u00e0 l'ancoraggio di fronte al minuscolo isolotto El Pardito, dove vivono diverse famiglie di pescatori. Accanto a quest'isola potremo fare snorkeling su una delle pi\u00f9 belle barriere coralline della zona. <\/p><\/div><\/div>\t\t\t\t<\/div>\n\t\t\t\t<\/div>\n\t\t\t\t<div class=\"elementor-element elementor-element-da4a0b4 elementor-position-right elementor-vertical-align-top elementor-widget elementor-widget-image-box\" data-id=\"da4a0b4\" data-element_type=\"widget\" data-e-type=\"widget\" data-widget_type=\"image-box.default\">\n\t\t\t\t<div class=\"elementor-widget-container\">\n\t\t\t\t\t<div class=\"elementor-image-box-wrapper\"><figure class=\"elementor-image-box-img\"><img loading=\"lazy\" decoding=\"async\" width=\"2048\" height=\"1536\" src=\"https:\/\/jasnatuta.com\/wp-content\/uploads\/2026\/02\/1000154067.jpg\" class=\"attachment-full size-full wp-image-11434\" alt=\"\" srcset=\"https:\/\/jasnatuta.com\/wp-content\/uploads\/2026\/02\/1000154067.jpg 2048w, https:\/\/jasnatuta.com\/wp-content\/uploads\/2026\/02\/1000154067-300x225.jpg 300w, https:\/\/jasnatuta.com\/wp-content\/uploads\/2026\/02\/1000154067-1024x768.jpg 1024w, https:\/\/jasnatuta.com\/wp-content\/uploads\/2026\/02\/1000154067-768x576.jpg 768w, https:\/\/jasnatuta.com\/wp-content\/uploads\/2026\/02\/1000154067-1536x1152.jpg 1536w, https:\/\/jasnatuta.com\/wp-content\/uploads\/2026\/02\/1000154067-200x150.jpg 200w\" sizes=\"(max-width: 2048px) 100vw, 2048px\" \/><\/figure><div class=\"elementor-image-box-content\"><h2 class=\"elementor-image-box-title\">San Evaristo<\/h2><p class=\"elementor-image-box-description\">Ci fermeremo anche davanti al villaggio di pescatori di San Evaristo per vedere com'\u00e8 davvero la vita in Messico. \u00c8 un villaggio completamente autentico dove il turismo \u00e8 praticamente inesistente, quindi ci sembrer\u00e0 di essere in un'altra epoca. Visiteremo anche le loro saline.  <\/p><\/div><\/div>\t\t\t\t<\/div>\n\t\t\t\t<\/div>\n\t\t\t\t<div class=\"elementor-element elementor-element-443e437 elementor-position-right elementor-vertical-align-top elementor-widget elementor-widget-image-box\" data-id=\"443e437\" data-element_type=\"widget\" data-e-type=\"widget\" data-widget_type=\"image-box.default\">\n\t\t\t\t<div class=\"elementor-widget-container\">\n\t\t\t\t\t<div class=\"elementor-image-box-wrapper\"><figure class=\"elementor-image-box-img\"><img loading=\"lazy\" decoding=\"async\" width=\"1000\" height=\"750\" src=\"https:\/\/jasnatuta.com\/wp-content\/uploads\/2025\/11\/beach-2.jpg\" class=\"attachment-full size-full wp-image-9835\" alt=\"\" srcset=\"https:\/\/jasnatuta.com\/wp-content\/uploads\/2025\/11\/beach-2.jpg 1000w, https:\/\/jasnatuta.com\/wp-content\/uploads\/2025\/11\/beach-2-300x225.jpg 300w, https:\/\/jasnatuta.com\/wp-content\/uploads\/2025\/11\/beach-2-768x576.jpg 768w, https:\/\/jasnatuta.com\/wp-content\/uploads\/2025\/11\/beach-2-200x150.jpg 200w\" sizes=\"(max-width: 1000px) 100vw, 1000px\" \/><\/figure><div class=\"elementor-image-box-content\"><h2 class=\"elementor-image-box-title\">Prua verso sud<\/h2><p class=\"elementor-image-box-description\">Proseguiremo verso sud, scegliendo le soste in base al vento, visitando qualche baia del Parco Espiritu Santo, che ci \u00e8 sfuggita la prima volta.<\/p><\/div><\/div>\t\t\t\t<\/div>\n\t\t\t\t<\/div>\n\t\t<div class=\"elementor-element elementor-element-ad98e13 e-con-full e-flex e-con e-child\" data-id=\"ad98e13\" data-element_type=\"container\" data-e-type=\"container\">\n\t\t<div class=\"elementor-element elementor-element-2e1be7e e-con-full e-flex e-con e-child\" data-id=\"2e1be7e\" data-element_type=\"container\" data-e-type=\"container\" data-settings=\"{&quot;background_background&quot;:&quot;classic&quot;}\">\n\t\t\t\t<div class=\"elementor-element elementor-element-89d82fc elementor-widget elementor-widget-heading\" data-id=\"89d82fc\" data-element_type=\"widget\" data-e-type=\"widget\" data-widget_type=\"heading.default\">\n\t\t\t\t<div class=\"elementor-widget-container\">\n\t\t\t\t\t<h3 class=\"elementor-heading-title elementor-size-default\">Date e durata<\/h3>\t\t\t\t<\/div>\n\t\t\t\t<\/div>\n\t\t\t\t<div class=\"elementor-element elementor-element-a37ff0d elementor-widget elementor-widget-text-editor\" data-id=\"a37ff0d\" data-element_type=\"widget\" data-e-type=\"widget\" data-widget_type=\"text-editor.default\">\n\t\t\t\t<div class=\"elementor-widget-container\">\n\t\t\t\t\t\t\t\t\t<p>Durata: <b>7 giorni<\/b><\/p><p>Date:<\/p><ul><li><strong>11. &#8211; 17. Febbraio 2026<\/strong><\/li><li><strong>14. &#8211; 20. Novembre 2026<\/strong><\/li><\/ul><p>Barca a vela: catamarano di recente costruzione, 4 cabine doppie, ognuna con il proprio bagno<\/p><p>Equipaggio: 8 persone (+Jasna)<\/p>\t\t\t\t\t\t\t\t<\/div>\n\t\t\t\t<\/div>\n\t\t\t\t<\/div>\n\t\t\t\t<div class=\"elementor-element elementor-element-8f0fa0b elementor-widget elementor-widget-heading\" data-id=\"8f0fa0b\" data-element_type=\"widget\" data-e-type=\"widget\" data-widget_type=\"heading.default\">\n\t\t\t\t<div class=\"elementor-widget-container\">\n\t\t\t\t\t<h3 class=\"elementor-heading-title elementor-size-default\">Attivit\u00e0 aggiuntive<\/h3>\t\t\t\t<\/div>\n\t\t\t\t<\/div>\n\t\t\t\t<div class=\"elementor-element elementor-element-513306e elementor-widget elementor-widget-text-editor\" data-id=\"513306e\" data-element_type=\"widget\" data-e-type=\"widget\" data-widget_type=\"text-editor.default\">\n\t\t\t\t<div class=\"elementor-widget-container\">\n\t\t\t\t\t\t\t\t\t<p>Navigheremo per 7 giorni, dopodich\u00e9 vi consiglio di vivere altre avventure sulla terraferma.<\/p><p>A febbraio vi consiglio di fare una gita alla Baia di Magdalena per vedere da vicino le balene grigie, un&#8217;esperienza imperdibile.<br>A novembre consiglio una gita a Todos Santos o un&#8217;immersione al largo di Cabo Pulmos (facoltativa). Per chi ha pi\u00f9 tempo a disposizione, consiglio di fare una gita con il treno El Chepe fino alla Sierra Tarahumara, che \u00e8 il canyon pi\u00f9 grande del Nord America (noto anche come Copper Canyon). Parleremo di tutte queste opzioni al momento della prenotazione.  <\/p><p>Sappiate che o i giorni a terra saranno caratterizzati da buon cibo messicano, cervezas e musica mariachi. <\/p><p>Il programma \u00e8 indicativo e pu\u00f2 essere leggermente modificato. Sono possibili anche regolazioni individuali. <\/p>\t\t\t\t\t\t\t\t<\/div>\n\t\t\t\t<\/div>\n\t\t\t\t<\/div>\n\t\t\t\t<div class=\"elementor-element elementor-element-5c45a3a elementor-widget elementor-widget-text-editor\" data-id=\"5c45a3a\" data-element_type=\"widget\" data-e-type=\"widget\" data-widget_type=\"text-editor.default\">\n\t\t\t\t<div class=\"elementor-widget-container\">\n\t\t\t\t\t\t\t\t\t<p>Qui trovate un mio articolo sui leoni marini di La Paz (in inglese):<br><a href=\"https:\/\/www.ourspace.si\/en\/blog\/playful-sea-lions\">https:\/\/www.ourspace.si\/en\/blog\/playful-sea-lions<\/a><strong>   <\/strong><\/p>\t\t\t\t\t\t\t\t<\/div>\n\t\t\t\t<\/div>\n\t\t\t\t<div class=\"elementor-element elementor-element-986094a elementor-widget elementor-widget-heading\" data-id=\"986094a\" data-element_type=\"widget\" data-e-type=\"widget\" data-widget_type=\"heading.default\">\n\t\t\t\t<div class=\"elementor-widget-container\">\n\t\t\t\t\t<h3 class=\"elementor-heading-title elementor-size-default\">Domande frequenti<\/h3>\t\t\t\t<\/div>\n\t\t\t\t<\/div>\n\t\t\t\t<div class=\"elementor-element elementor-element-c690c04 elementor-widget elementor-widget-text-editor\" data-id=\"c690c04\" data-element_type=\"widget\" data-e-type=\"widget\" data-widget_type=\"text-editor.default\">\n\t\t\t\t<div class=\"elementor-widget-container\">\n\t\t\t\t\t\t\t\t\t<p><strong>Quanto navigheremo<\/strong>: navigheremo per circa 100 miglia, ovvero circa 4 ore al giorno in media. Naturalmente adatter\u00f2 il programma alle condizioni meteorologiche.  <\/p><p><strong>Prezzo<\/strong>: 2200\u20ac a persona <\/p><p><strong>Cosa \u00e8 incluso nel prezzo<\/strong>: noleggio dell&#8217;imbarcazione con tutti gli extra, assicurazione, deposito cauzionale, ecc.<\/p><p><strong>Cosa non \u00e8 incluso<\/strong>: biglietto aereo, cibo ed escursioni aggiuntive, ingresso al Parco Nazionale Espiritu Santo (100\u20ac a persona)<\/p><p><strong>Volo<\/strong>: potete volare a La Paz (LAP) o a Los Cabos (SJD), prezzo circa 1000-1200 euro.<\/p><p><strong>Cibo<\/strong>: Faremo la spesa il primo giorno. I pasti saranno preparati insieme, in un\u2019atmosfera rilassata e informale, con la partecipazione di ciascuno secondo le proprie possibilit\u00e0 \u2014 non sono richieste abilit\u00e0 culinarie. Vi prego di comunicarmi eventuali esigenze alimentari particolari, cos\u00ec da poter organizzare al meglio gli acquisti.  <\/p><p> <\/p>\t\t\t\t\t\t\t\t<\/div>\n\t\t\t\t<\/div>\n\t\t\t\t\t<\/div>\n\t\t\t\t<\/div>\n\t\t<div class=\"elementor-element elementor-element-bb8b5a9 e-flex e-con-boxed e-con e-parent\" data-id=\"bb8b5a9\" data-element_type=\"container\" data-e-type=\"container\">\n\t\t\t\t\t<div class=\"e-con-inner\">\n\t\t\t\t<div class=\"elementor-element elementor-element-5a0df9d elementor-widget elementor-widget-image\" data-id=\"5a0df9d\" data-element_type=\"widget\" data-e-type=\"widget\" data-widget_type=\"image.default\">\n\t\t\t\t<div class=\"elementor-widget-container\">\n\t\t\t\t\t\t\t\t\t\t\t\t\t\t\t<img loading=\"lazy\" decoding=\"async\" width=\"640\" height=\"480\" src=\"https:\/\/jasnatuta.com\/wp-content\/uploads\/2025\/11\/concepcion-031.jpg\" class=\"attachment-large size-large wp-image-9874\" alt=\"viaggio barca a vela in messico\" srcset=\"https:\/\/jasnatuta.com\/wp-content\/uploads\/2025\/11\/concepcion-031.jpg 1000w, https:\/\/jasnatuta.com\/wp-content\/uploads\/2025\/11\/concepcion-031-600x450.jpg 600w\" sizes=\"(max-width: 640px) 100vw, 640px\" \/>\t\t\t\t\t\t\t\t\t\t\t\t\t\t\t<\/div>\n\t\t\t\t<\/div>\n\t\t\t\t\t<\/div>\n\t\t\t\t<\/div>\n\t\t<div class=\"elementor-element elementor-element-4af0293 e-con-full e-flex e-con e-parent\" data-id=\"4af0293\" data-element_type=\"container\" data-e-type=\"container\" data-settings=\"{&quot;background_background&quot;:&quot;classic&quot;}\">\n\t\t\t\t<div class=\"elementor-element elementor-element-399deb8 elementor-widget elementor-widget-text-editor\" data-id=\"399deb8\" data-element_type=\"widget\" data-e-type=\"widget\" data-widget_type=\"text-editor.default\">\n\t\t\t\t<div class=\"elementor-widget-container\">\n\t\t\t\t\t\t\t\t\t<p><strong>Per domande, prenotazioni o altro, scrivetemi pure!<\/strong><\/p>\t\t\t\t\t\t\t\t<\/div>\n\t\t\t\t<\/div>\n\t\t<div class=\"elementor-element elementor-element-4271da9 e-grid e-con-boxed e-con e-child\" data-id=\"4271da9\" data-element_type=\"container\" data-e-type=\"container\">\n\t\t\t\t\t<div class=\"e-con-inner\">\n\t\t\t\t<div class=\"elementor-element elementor-element-5003106 elementor-view-default elementor-widget elementor-widget-icon\" data-id=\"5003106\" data-element_type=\"widget\" data-e-type=\"widget\" data-widget_type=\"icon.default\">\n\t\t\t\t<div class=\"elementor-widget-container\">\n\t\t\t\t\t\t\t<div class=\"elementor-icon-wrapper\">\n\t\t\t<a class=\"elementor-icon\" href=\"https:\/\/wa.me\/3515304050\">\n\t\t\t<svg aria-hidden=\"true\" class=\"e-font-icon-svg e-fab-whatsapp\" viewBox=\"0 0 448 512\" xmlns=\"http:\/\/www.w3.org\/2000\/svg\"><path d=\"M380.9 97.1C339 55.1 283.2 32 223.9 32c-122.4 0-222 99.6-222 222 0 39.1 10.2 77.3 29.6 111L0 480l117.7-30.9c32.4 17.7 68.9 27 106.1 27h.1c122.3 0 224.1-99.6 224.1-222 0-59.3-25.2-115-67.1-157zm-157 341.6c-33.2 0-65.7-8.9-94-25.7l-6.7-4-69.8 18.3L72 359.2l-4.4-7c-18.5-29.4-28.2-63.3-28.2-98.2 0-101.7 82.8-184.5 184.6-184.5 49.3 0 95.6 19.2 130.4 54.1 34.8 34.9 56.2 81.2 56.1 130.5 0 101.8-84.9 184.6-186.6 184.6zm101.2-138.2c-5.5-2.8-32.8-16.2-37.9-18-5.1-1.9-8.8-2.8-12.5 2.8-3.7 5.6-14.3 18-17.6 21.8-3.2 3.7-6.5 4.2-12 1.4-32.6-16.3-54-29.1-75.5-66-5.7-9.8 5.7-9.1 16.3-30.3 1.8-3.7.9-6.9-.5-9.7-1.4-2.8-12.5-30.1-17.1-41.2-4.5-10.8-9.1-9.3-12.5-9.5-3.2-.2-6.9-.2-10.6-.2-3.7 0-9.7 1.4-14.8 6.9-5.1 5.6-19.4 19-19.4 46.3 0 27.3 19.9 53.7 22.6 57.4 2.8 3.7 39.1 59.7 94.8 83.8 35.2 15.2 49 16.5 66.6 13.9 10.7-1.6 32.8-13.4 37.4-26.4 4.6-13 4.6-24.1 3.2-26.4-1.3-2.5-5-3.9-10.5-6.6z\"><\/path><\/svg>\t\t\t<\/a>\n\t\t<\/div>\n\t\t\t\t\t\t<\/div>\n\t\t\t\t<\/div>\n\t\t\t\t<div class=\"elementor-element elementor-element-38eebda elementor-view-default elementor-widget elementor-widget-icon\" data-id=\"38eebda\" data-element_type=\"widget\" data-e-type=\"widget\" data-widget_type=\"icon.default\">\n\t\t\t\t<div class=\"elementor-widget-container\">\n\t\t\t\t\t\t\t<div class=\"elementor-icon-wrapper\">\n\t\t\t<a class=\"elementor-icon\" href=\"mailto:info@jasnatuta.com\">\n\t\t\t<svg aria-hidden=\"true\" class=\"e-font-icon-svg e-fas-envelope\" viewBox=\"0 0 512 512\" xmlns=\"http:\/\/www.w3.org\/2000\/svg\"><path d=\"M502.3 190.8c3.9-3.1 9.7-.2 9.7 4.7V400c0 26.5-21.5 48-48 48H48c-26.5 0-48-21.5-48-48V195.6c0-5 5.7-7.8 9.7-4.7 22.4 17.4 52.1 39.5 154.1 113.6 21.1 15.4 56.7 47.8 92.2 47.6 35.7.3 72-32.8 92.3-47.6 102-74.1 131.6-96.3 154-113.7zM256 320c23.2.4 56.6-29.2 73.4-41.4 132.7-96.3 142.8-104.7 173.4-128.7 5.8-4.5 9.2-11.5 9.2-18.9v-19c0-26.5-21.5-48-48-48H48C21.5 64 0 85.5 0 112v19c0 7.4 3.4 14.3 9.2 18.9 30.6 23.9 40.7 32.4 173.4 128.7 16.8 12.2 50.2 41.8 73.4 41.4z\"><\/path><\/svg>\t\t\t<\/a>\n\t\t<\/div>\n\t\t\t\t\t\t<\/div>\n\t\t\t\t<\/div>\n\t\t\t\t\t<\/div>\n\t\t\t\t<\/div>\n\t\t\t\t<\/div>\n\t\t\t\t<\/div>\n\t\t","protected":false},"excerpt":{"rendered":"<p>Quest&#8217;anno aggiungo una nuova destinazione alla mia offerta: il Messico! Ho deciso di portarvi a scoprire il bellissimo e selvaggio Mare di Cortez, dove ho navigato per diversi anni e che porto nel cuore. PERCHE\u2019 CI ANDIAMO: Perch\u00e9 \u00e8 uno di quegli angoli nascosti del mondo che ti affascina con la sua natura, la sua [&hellip;]<\/p>\n","protected":false},"author":2,"featured_media":11440,"parent":0,"menu_order":0,"comment_status":"closed","ping_status":"closed","template":"","meta":{"footnotes":""},"class_list":["post-9934","page","type-page","status-publish","has-post-thumbnail","hentry"],"aioseo_notices":[],"_links":{"self":[{"href":"https:\/\/jasnatuta.com\/it\/wp-json\/wp\/v2\/pages\/9934","targetHints":{"allow":["GET"]}}],"collection":[{"href":"https:\/\/jasnatuta.com\/it\/wp-json\/wp\/v2\/pages"}],"about":[{"href":"https:\/\/jasnatuta.com\/it\/wp-json\/wp\/v2\/types\/page"}],"author":[{"embeddable":true,"href":"https:\/\/jasnatuta.com\/it\/wp-json\/wp\/v2\/users\/2"}],"replies":[{"embeddable":true,"href":"https:\/\/jasnatuta.com\/it\/wp-json\/wp\/v2\/comments?post=9934"}],"version-history":[{"count":13,"href":"https:\/\/jasnatuta.com\/it\/wp-json\/wp\/v2\/pages\/9934\/revisions"}],"predecessor-version":[{"id":11581,"href":"https:\/\/jasnatuta.com\/it\/wp-json\/wp\/v2\/pages\/9934\/revisions\/11581"}],"wp:featuredmedia":[{"embeddable":true,"href":"https:\/\/jasnatuta.com\/it\/wp-json\/wp\/v2\/media\/11440"}],"wp:attachment":[{"href":"https:\/\/jasnatuta.com\/it\/wp-json\/wp\/v2\/media?parent=9934"}],"curies":[{"name":"wp","href":"https:\/\/api.w.org\/{rel}","templated":true}]}}